{"version":"1.0","provider_name":"R\u00e1dio Princesa FM 104.9 Mhz","provider_url":"https:\/\/radioprincesa2010.com.br\/fm","title":"Grande festa junina da Escola Ad\u00e3o Seger - R\u00e1dio Princesa FM 104.9 Mhz","type":"rich","width":600,"height":338,"html":"<blockquote class=\"wp-embedded-content\" data-secret=\"y0nUkgjK3K\"><a href=\"https:\/\/radioprincesa2010.com.br\/fm\/grande-festa-junina-da-escola-adao-seger\/\">Grande festa junina da Escola Ad\u00e3o Seger<\/a><\/blockquote><iframe sandbox=\"allow-scripts\" security=\"restricted\" src=\"https:\/\/radioprincesa2010.com.br\/fm\/grande-festa-junina-da-escola-adao-seger\/embed\/#?secret=y0nUkgjK3K\" width=\"600\" height=\"338\" title=\"&#8220;Grande festa junina da Escola Ad\u00e3o Seger&#8221; &#8212; R\u00e1dio Princesa FM 104.9 Mhz\" data-secret=\"y0nUkgjK3K\" frameborder=\"0\" marginwidth=\"0\" marginheight=\"0\" scrolling=\"no\" class=\"wp-embedded-content\"><\/iframe><script>\n\/*! This file is auto-generated *\/\n!function(d,l){\"use strict\";l.querySelector&&d.addEventListener&&\"undefined\"!=typeof URL&&(d.wp=d.wp||{},d.wp.receiveEmbedMessage||(d.wp.receiveEmbedMessage=function(e){var t=e.data;if((t||t.secret||t.message||t.value)&&!\/[^a-zA-Z0-9]\/.test(t.secret)){for(var s,r,n,a=l.querySelectorAll('iframe[data-secret=\"'+t.secret+'\"]'),o=l.querySelectorAll('blockquote[data-secret=\"'+t.secret+'\"]'),c=new RegExp(\"^https?:$\",\"i\"),i=0;i<o.length;i++)o[i].style.display=\"none\";for(i=0;i<a.length;i++)s=a[i],e.source===s.contentWindow&&(s.removeAttribute(\"style\"),\"height\"===t.message?(1e3<(r=parseInt(t.value,10))?r=1e3:~~r<200&&(r=200),s.height=r):\"link\"===t.message&&(r=new URL(s.getAttribute(\"src\")),n=new URL(t.value),c.test(n.protocol))&&n.host===r.host&&l.activeElement===s&&(d.top.location.href=t.value))}},d.addEventListener(\"message\",d.wp.receiveEmbedMessage,!1),l.addEventListener(\"DOMContentLoaded\",function(){for(var e,t,s=l.querySelectorAll(\"iframe.wp-embedded-content\"),r=0;r<s.length;r++)(t=(e=s[r]).getAttribute(\"data-secret\"))||(t=Math.random().toString(36).substring(2,12),e.src+=\"#?secret=\"+t,e.setAttribute(\"data-secret\",t)),e.contentWindow.postMessage({message:\"ready\",secret:t},\"*\")},!1)))}(window,document);\n\/\/# sourceURL=https:\/\/radioprincesa2010.com.br\/fm\/wp-includes\/js\/wp-embed.min.js\n<\/script>\n","thumbnail_url":"https:\/\/radioprincesa2010.com.br\/fm\/wp-content\/uploads\/2023\/06\/2-4.jpeg","thumbnail_width":1061,"thumbnail_height":696,"description":"O p\u00fablico de mais de mil pessoas se fez presente ao evento no sal\u00e3o paroquial em Selbach. Comidas, bebidas e atra\u00e7\u00f5es alusivas a data, quadrilha, dan\u00e7as caipiras, organizadas pela escola, atraiu esse grande p\u00fablico. Diretora Lisandra Signori, falou \u00e0 nossa reportagem. \ud83d\udc4d\ud83d\udc47TALVEZ TAMBEM INTERESSE A VOC\u00ca\ud83d\ude42: GOSTA DE FUTEBOL? D\u00ca UMA OLHADINHA&nbsp;NO NOSSO CANAL\u2026 GOSTA &hellip;"}